{"id":4528,"date":"2021-09-28T18:51:36","date_gmt":"2021-09-28T18:51:36","guid":{"rendered":"https:\/\/lojaespacos.com\/?post_type=product&#038;p=4528"},"modified":"2025-04-10T15:56:33","modified_gmt":"2025-04-10T15:56:33","slug":"floral-olive-florais-de-bach-20ml-cansaco","status":"publish","type":"product","link":"https:\/\/lojaespacos.com\/en\/loja\/florais\/florais-de-bach\/floral-olive-florais-de-bach-20ml-cansaco\/","title":{"rendered":"Floral Olive | Florais de Bach | 20mL | cansa\u00e7o"},"content":{"rendered":"<p style=\"text-align: justify;\">Os\u00a0<a href=\"https:\/\/lojaespacos.com\/en\/product-category\/florais\/florais-de-bach\/\" target=\"_blank\" rel=\"noopener noreferrer\"><strong>Florais de Bach<\/strong><\/a>, criados pelo m\u00e9dico\u00a0<strong>Dr. Edward Bach<\/strong>, est\u00e3o, cada um deles, associados a uma emo\u00e7\u00e3o humana, de forma a ajudar-nos a ultrapassar esse estado emocional que est\u00e1 a desequilibrar-nos. Existem 38 florais de Bach.<\/p>\n<p style=\"text-align: justify;\">A cura do plano emocional tem efeitos ben\u00e9ficos n\u00e3o s\u00f3 a n\u00edvel emocional, mas tamb\u00e9m no\u00a0<strong>bem-estar geral<\/strong>\u00a0e consequentemente, tamb\u00e9m a n\u00edvel da\u00a0<strong>sa\u00fade f\u00edsica e mental<\/strong>.<\/p>\n<p style=\"text-align: justify;\"><strong>Floral Olive<\/strong>\u00a0| Para aqueles que sofrem f\u00edsica ou mentalmente, sentem-se <strong>exaustos<\/strong> por causa de alguma doen\u00e7a, dor ou batalha.\u00a0Ajuda a <strong>renovar a nossa for\u00e7a trazendo vitalidade<\/strong>.\u00a0Elimina a <strong>fadiga, o esgotamento f\u00edsico e mental<\/strong>, sendo bastante utilizada para per\u00edodos stressantes decorrentes de crises, separa\u00e7\u00f5es ou problemas de sa\u00fade.\u00a0 Destina-se a pessoas exaustas de corpo e alma ap\u00f3s um longo per\u00edodo de esfor\u00e7o devido dificuldades pessoais, um per\u00edodo intenso de estudo ou trabalho, uma doen\u00e7a prolongada ou por ter tomado conta de outra pessoa por muito tempo.\u00a0\u00c9 um bom rem\u00e9dio de convalescen\u00e7a.\u00a0Os que sofrem destes sintomas deixam de apreciar o seu trabalho ou as actividades de lazer que antes lhes davam prazer.\u00a0 O potencial positivo do Olive \u00e9 a <strong>recupera\u00e7\u00e3o da for\u00e7a, vitalidade e interesse na vida<\/strong>.\u00a0As pessoas Olive positivas deixam de esgotar as suas reservas de energia, deixam-se guiar pela sua voz interior e reconhecem as necessidades do seu corpo.\u00a0S\u00e3o capazes de manter a sua paz de esp\u00edrito, mesmo quando for\u00e7adas a permanecer inactivas.<\/p>","protected":false},"excerpt":{"rendered":"<p>Os\u00a0Florais de Bach, criados pelo m\u00e9dico\u00a0Dr. Edward Bach, est\u00e3o, cada um deles, associados a uma emo\u00e7\u00e3o humana, de forma a ajudar-nos a ultrapassar esse estado emocional que est\u00e1 a desequilibrar-nos. Existem 38 florais de Bach. A cura do plano emocional tem efeitos ben\u00e9ficos n\u00e3o s\u00f3 a n\u00edvel emocional, mas tamb\u00e9m no\u00a0bem-estar geral\u00a0e consequentemente, tamb\u00e9m a [&hellip;]<\/p>\n","protected":false},"featured_media":4574,"comment_status":"open","ping_status":"closed","template":"","meta":{"_seopress_titles_title":"","_seopress_titles_desc":"","_seopress_robots_index":"","_seopress_robots_follow":"","_seopress_robots_imageindex":"","_seopress_robots_snippet":"","_seopress_robots_primary_cat":"none","_seopress_robots_breadcrumbs":"","_seopress_robots_freeze_modified_date":"","_seopress_robots_custom_modified_date":"","_seopress_robots_canonical":"","_seopress_social_fb_title":"","_seopress_social_fb_desc":"","_seopress_social_fb_img":"","_seopress_social_fb_img_attachment_id":0,"_seopress_social_fb_img_width":0,"_seopress_social_fb_img_height":0,"_seopress_social_twitter_title":"","_seopress_social_twitter_desc":"","_seopress_social_twitter_img":"","_seopress_social_twitter_img_attachment_id":0,"_seopress_social_twitter_img_width":0,"_seopress_social_twitter_img_height":0,"_seopress_redirections_value":"","_seopress_redirections_enabled":"","_seopress_redirections_enabled_regex":"","_seopress_redirections_logged_status":"both","_seopress_redirections_param":"","_seopress_redirections_type":301,"_seopress_analysis_target_kw":""},"product_brand":[],"product_cat":[1054,1055,1056],"product_tag":[1338,910],"hf_cat_product":[],"class_list":["post-4528","product","type-product","status-publish","has-post-thumbnail","product_cat-florais","product_cat-florais-de-bach","product_cat-florais-de-bach-marcas","product_tag-esgotamento","product_tag-fadiga","pa_funcao-esgotamento","pa_funcao-fadiga","first","outofstock","shipping-taxable","purchasable","product-type-simple"],"_links":{"self":[{"href":"https:\/\/lojaespacos.com\/en\/wp-json\/wp\/v2\/product\/4528","targetHints":{"allow":["GET"]}}],"collection":[{"href":"https:\/\/lojaespacos.com\/en\/wp-json\/wp\/v2\/product"}],"about":[{"href":"https:\/\/lojaespacos.com\/en\/wp-json\/wp\/v2\/types\/product"}],"replies":[{"embeddable":true,"href":"https:\/\/lojaespacos.com\/en\/wp-json\/wp\/v2\/comments?post=4528"}],"wp:featuredmedia":[{"embeddable":true,"href":"https:\/\/lojaespacos.com\/en\/wp-json\/wp\/v2\/media\/4574"}],"wp:attachment":[{"href":"https:\/\/lojaespacos.com\/en\/wp-json\/wp\/v2\/media?parent=4528"}],"wp:term":[{"taxonomy":"product_brand","embeddable":true,"href":"https:\/\/lojaespacos.com\/en\/wp-json\/wp\/v2\/product_brand?post=4528"},{"taxonomy":"product_cat","embeddable":true,"href":"https:\/\/lojaespacos.com\/en\/wp-json\/wp\/v2\/product_cat?post=4528"},{"taxonomy":"product_tag","embeddable":true,"href":"https:\/\/lojaespacos.com\/en\/wp-json\/wp\/v2\/product_tag?post=4528"},{"taxonomy":"hf_cat_product","embeddable":true,"href":"https:\/\/lojaespacos.com\/en\/wp-json\/wp\/v2\/hf_cat_product?post=4528"}],"curies":[{"name":"wp","href":"https:\/\/api.w.org\/{rel}","templated":true}]}}