{"id":2809,"date":"2021-09-28T09:57:05","date_gmt":"2021-09-28T09:57:05","guid":{"rendered":"https:\/\/lojaespacos.com\/?post_type=product&#038;p=2809"},"modified":"2025-02-18T17:56:54","modified_gmt":"2025-02-18T17:56:54","slug":"floral-formula-bom-sono-florais-de-saint-germain-10ml","status":"publish","type":"product","link":"https:\/\/lojaespacos.com\/en\/loja\/florais\/florais-de-saint-germain\/floral-formula-bom-sono-florais-de-saint-germain-10ml\/","title":{"rendered":"Floral f\u00f3rmula Bom sono | Florais de Saint Germain | 10mL"},"content":{"rendered":"<h2 style=\"text-align: center;\"><strong>Floral F\u00f3rmula Bom Sono \u2013 Combate \u00e0 Ins\u00f3nia, Ansiedade e Preocupa\u00e7\u00e3o | Florais de Saint Germain<\/strong><\/h2>\n<p style=\"text-align: justify;\">Os\u00a0<a href=\"https:\/\/lojaespacos.com\/en\/product-category\/florais-de-saint-germain\/\"><span style=\"text-decoration: underline;\"><strong>florais de Saint Germain<\/strong><\/span><\/a>, criados por Neide Margonari, pretendem restabelecer e transmutar\u00a0<strong>padr\u00f5es doentios<\/strong>, provocados por\u00a0<strong>viv\u00eancias traum\u00e1ticas<\/strong>, principalmente, quando a causa do dist\u00farbio \u00e9<strong>\u00a0emocional<\/strong>.<\/p>\n<p style=\"text-align: justify;\">A finalidade destas f\u00f3rmulas \u00e9 auxiliar a r\u00e1pida transmuta\u00e7\u00e3o desses padr\u00f5es internos que est\u00e3o a mais e que atrapalham o seu dia-a-dia.<\/p>\n<p style=\"text-align: justify;\"><strong>Floral f\u00f3rmula Bom sono (ins\u00f3nia \/ preocupa\u00e7\u00e3o \/ ansiedade)<\/strong><\/p>\n<p style=\"text-align: justify;\">Combate a preocupa\u00e7\u00e3o excessiva, a ins\u00f3nia e a ansiedade.<\/p>\n<p style=\"text-align: justify;\"><strong>Sugest\u00e3o<\/strong>: Crie o seu spray para o ambiente, que pode ser usado para limpeza energ\u00e9tica de objectos, pessoas, animais e plantas.<br \/>\nNum borrifador coloque 100ml de \u00e1gua e pingue 7 gotas da f\u00f3rmula seleccionada. Borrifar no ambiente duas vezes ao dia.<\/p>","protected":false},"excerpt":{"rendered":"<p>Floral F\u00f3rmula Bom Sono \u2013 Combate \u00e0 Ins\u00f3nia, Ansiedade e Preocupa\u00e7\u00e3o | Florais de Saint Germain Os\u00a0florais de Saint Germain, criados por Neide Margonari, pretendem restabelecer e transmutar\u00a0padr\u00f5es doentios, provocados por\u00a0viv\u00eancias traum\u00e1ticas, principalmente, quando a causa do dist\u00farbio \u00e9\u00a0emocional. A finalidade destas f\u00f3rmulas \u00e9 auxiliar a r\u00e1pida transmuta\u00e7\u00e3o desses padr\u00f5es internos que est\u00e3o a mais [&hellip;]<\/p>\n","protected":false},"featured_media":2880,"comment_status":"open","ping_status":"closed","template":"","meta":{"_seopress_titles_title":"%%sitetitle%% | %%post_title%%","_seopress_titles_desc":"F\u00f3rmula Floral Bom Sono para combater a ins\u00f3nia, ansiedade e preocupa\u00e7\u00e3o excessiva. Os Florais de Saint Germain ajudam na transmuta\u00e7\u00e3o de padr\u00f5es emocionais, trazendo tranquilidade e equil\u00edbrio ao corpo e mente.","_seopress_robots_index":"","_seopress_robots_follow":"","_seopress_robots_imageindex":"","_seopress_robots_snippet":"","_seopress_robots_primary_cat":"none","_seopress_robots_breadcrumbs":"","_seopress_robots_freeze_modified_date":"","_seopress_robots_custom_modified_date":"","_seopress_robots_canonical":"","_seopress_social_fb_title":"","_seopress_social_fb_desc":"","_seopress_social_fb_img":"","_seopress_social_fb_img_attachment_id":0,"_seopress_social_fb_img_width":0,"_seopress_social_fb_img_height":0,"_seopress_social_twitter_title":"","_seopress_social_twitter_desc":"","_seopress_social_twitter_img":"","_seopress_social_twitter_img_attachment_id":0,"_seopress_social_twitter_img_width":0,"_seopress_social_twitter_img_height":0,"_seopress_redirections_value":"","_seopress_redirections_enabled":"","_seopress_redirections_enabled_regex":"","_seopress_redirections_logged_status":"both","_seopress_redirections_param":"","_seopress_redirections_type":301,"_seopress_analysis_target_kw":"Floral Bom Sono,Florais de Saint Germain,Combate \u00e0 ins\u00f3nia,Al\u00edvio da ansiedade e preocupa\u00e7\u00e3o,Tratamento para ins\u00f3nia e ansiedade,Florais para ins\u00f3nia,Florais para ansiedade,Florais para preocupa\u00e7\u00e3o excessiva,Floral de emerg\u00eancia para ins\u00f3nia,Floral de Saint Germain para ins\u00f3nia,Florais para dist\u00farbios emocionais,Floral para transmuta\u00e7\u00e3o de padr\u00f5es emocionais,Florais de Saint Germain para tratar ins\u00f3nia e preocupa\u00e7\u00e3o excessiva,Floral para aliviar ansiedade e preocupa\u00e7\u00f5es emocionais intensas,Floral Bom Sono para combater a ins\u00f3nia e ansiedade de forma natural,Florais para transmutar padr\u00f5es emocionais negativos e melhorar o sono,Floral de Saint Germain para ins\u00f3nia e dist\u00farbios emocionais,Tratamento natural para ins\u00f3nia e preocupa\u00e7\u00e3o com Florais de Saint Germain,Floral para restaurar equil\u00edbrio emocional e combater a ins\u00f3nia,Florais de Saint Germain para superar dist\u00farbios emocionais e melhorar o sono,Tratamento floral para ansiedade e preocupa\u00e7\u00e3o excessiva,Floral para dist\u00farbios emocionais e noites de sono tranquilas"},"product_brand":[],"product_cat":[1054,1151,1152],"product_tag":[908,931],"hf_cat_product":[],"class_list":["post-2809","product","type-product","status-publish","has-post-thumbnail","product_cat-florais","product_cat-florais-de-saint-germain","product_cat-florais-de-saint-germain-marca","product_tag-ansiedade","product_tag-insonias","pa_funcao-ansiedade","pa_funcao-insonias","first","instock","sale","shipping-taxable","purchasable","product-type-simple"],"_links":{"self":[{"href":"https:\/\/lojaespacos.com\/en\/wp-json\/wp\/v2\/product\/2809","targetHints":{"allow":["GET"]}}],"collection":[{"href":"https:\/\/lojaespacos.com\/en\/wp-json\/wp\/v2\/product"}],"about":[{"href":"https:\/\/lojaespacos.com\/en\/wp-json\/wp\/v2\/types\/product"}],"replies":[{"embeddable":true,"href":"https:\/\/lojaespacos.com\/en\/wp-json\/wp\/v2\/comments?post=2809"}],"wp:featuredmedia":[{"embeddable":true,"href":"https:\/\/lojaespacos.com\/en\/wp-json\/wp\/v2\/media\/2880"}],"wp:attachment":[{"href":"https:\/\/lojaespacos.com\/en\/wp-json\/wp\/v2\/media?parent=2809"}],"wp:term":[{"taxonomy":"product_brand","embeddable":true,"href":"https:\/\/lojaespacos.com\/en\/wp-json\/wp\/v2\/product_brand?post=2809"},{"taxonomy":"product_cat","embeddable":true,"href":"https:\/\/lojaespacos.com\/en\/wp-json\/wp\/v2\/product_cat?post=2809"},{"taxonomy":"product_tag","embeddable":true,"href":"https:\/\/lojaespacos.com\/en\/wp-json\/wp\/v2\/product_tag?post=2809"},{"taxonomy":"hf_cat_product","embeddable":true,"href":"https:\/\/lojaespacos.com\/en\/wp-json\/wp\/v2\/hf_cat_product?post=2809"}],"curies":[{"name":"wp","href":"https:\/\/api.w.org\/{rel}","templated":true}]}}