{"id":2692,"date":"2021-09-28T09:56:19","date_gmt":"2021-09-28T09:56:19","guid":{"rendered":"https:\/\/lojaespacos.com\/?post_type=product&#038;p=2692"},"modified":"2026-08-28T14:18:22","modified_gmt":"2026-08-28T14:18:22","slug":"balsamo-peitoral-pranabb-pranarom-40ml","status":"publish","type":"product","link":"https:\/\/lojaespacos.com\/en\/loja\/saude-e-bem-estar\/pomadas-balsamos\/balsamo-peitoral-pranabb-pranarom-40ml\/","title":{"rendered":"B\u00e1lsamo peitoral - PranaBB | Pranar\u014dm | 40mL"},"content":{"rendered":"<h2 style=\"text-align: center;\">B\u00e1lsamo Peitoral Prana BB | \u00d3leos Essenciais para Beb\u00e9s | Relaxante e Suavizante<\/h2>\n<p style=\"text-align: justify;\">O\u00a0<strong>B\u00e1lsamo peitoral<\/strong>\u00a0da<strong>\u00a0gama Prana BB<\/strong>\u00a0da\u00a0<strong>Pranar<span style=\"font-family: 'Times New Roman', serif;\">\u014d<\/span>m<\/strong>\u00a0\u00e9 um b\u00e1lsamo enriquecido com<strong>\u00a0\u00f3leos essenciais 100% biol\u00f3gicos<\/strong>\u00a0e\u00a0<strong>baunilha do Madag\u00e1scar<\/strong>, adequado para o beb\u00e9.<\/p>\n<p style=\"text-align: justify;\">Quando aplicado com uma <strong>massagem suave<\/strong>, o<strong> b\u00e1lsamo suavizante<\/strong> difunde as virtudes dos \u00f3leos essenciais, bem como o <strong>aroma relaxante<\/strong> da Baunilha de Madag\u00e1scar, para um verdadeiro <strong>momento de bem-estar<\/strong>.<\/p>\n<p style=\"text-align: justify;\">Adequado para <strong>beb\u00e9s com mais de 5Kg<\/strong>.<\/p>","protected":false},"excerpt":{"rendered":"<p><a href=\"https:\/\/lojaespacos.com\/en\/product-tag\/biologico\/\"><img loading=\"lazy\" decoding=\"async\" class=\"alignnone wp-image-4986 size-full\" src=\"https:\/\/lojaespacos.com\/wp-content\/uploads\/2021\/11\/selo-biologico2.png\" alt=\"Selo Biologico\" width=\"70\" height=\"70\" \/><\/a><\/p>","protected":false},"featured_media":20767,"comment_status":"open","ping_status":"closed","template":"","meta":{"_seopress_titles_title":"%%sitetitle%% | %%post_title%% - \u00d3leos Essenciais para Beb\u00e9s | Relaxante e Suavizante","_seopress_titles_desc":"O B\u00e1lsamo Peitoral Prana BB da Pranar\u014dm \u00e9 enriquecido com \u00f3leos essenciais biol\u00f3gicos e baunilha do Madag\u00e1scar, promovendo relaxamento e bem-estar para beb\u00e9s com mais de 5kg.","_seopress_robots_index":"","_seopress_robots_follow":"","_seopress_robots_imageindex":"","_seopress_robots_snippet":"","_seopress_robots_primary_cat":"","_seopress_robots_breadcrumbs":"","_seopress_robots_freeze_modified_date":"","_seopress_robots_custom_modified_date":"","_seopress_robots_canonical":"","_seopress_social_fb_title":"","_seopress_social_fb_desc":"","_seopress_social_fb_img":"","_seopress_social_fb_img_attachment_id":0,"_seopress_social_fb_img_width":0,"_seopress_social_fb_img_height":0,"_seopress_social_twitter_title":"","_seopress_social_twitter_desc":"","_seopress_social_twitter_img":"","_seopress_social_twitter_img_attachment_id":0,"_seopress_social_twitter_img_width":0,"_seopress_social_twitter_img_height":0,"_seopress_redirections_value":"","_seopress_redirections_enabled":"","_seopress_redirections_enabled_regex":"","_seopress_redirections_logged_status":"both","_seopress_redirections_param":"","_seopress_redirections_type":301,"_seopress_analysis_target_kw":"b\u00e1lsamo peitoral beb\u00e9,b\u00e1lsamo Prana BB,b\u00e1lsamo relaxante beb\u00e9,\u00f3leo essencial beb\u00e9,baunilha Madag\u00e1scar,b\u00e1lsamo para beb\u00e9 5kg,b\u00e1lsamo para bem-estar beb\u00e9,b\u00e1lsamo peitoral Prana BB para beb\u00e9s,b\u00e1lsamo relaxante com baunilha Madag\u00e1scar para beb\u00e9,b\u00e1lsamo com \u00f3leos essenciais biol\u00f3gicos para beb\u00e9,b\u00e1lsamo para beb\u00e9 com mais de 5kg,b\u00e1lsamo suavizante para beb\u00e9 com \u00f3leos essenciais"},"product_brand":[],"product_cat":[1236,1062,1843,818,1035],"product_tag":[1241,1036,1487,930,1758,1316],"hf_cat_product":[],"class_list":["post-2692","product","type-product","status-publish","has-post-thumbnail","product_cat-oleos","product_cat-pomadas-balsamos","product_cat-pranarom","product_cat-saude-e-bem-estar","product_cat-sistema-respiratorio","product_tag-aromaterapia","product_tag-bebes-e-criancas","product_tag-biologico","product_tag-calmante","product_tag-massagem","product_tag-respiracao","pa_criterio-biologico","pa_funcao-aromaterapia","pa_funcao-bebes-e-criancas","pa_funcao-calmante","pa_funcao-massagem","pa_funcao-respiracao","first","instock","sale","shipping-taxable","purchasable","product-type-simple"],"_links":{"self":[{"href":"https:\/\/lojaespacos.com\/en\/wp-json\/wp\/v2\/product\/2692","targetHints":{"allow":["GET"]}}],"collection":[{"href":"https:\/\/lojaespacos.com\/en\/wp-json\/wp\/v2\/product"}],"about":[{"href":"https:\/\/lojaespacos.com\/en\/wp-json\/wp\/v2\/types\/product"}],"replies":[{"embeddable":true,"href":"https:\/\/lojaespacos.com\/en\/wp-json\/wp\/v2\/comments?post=2692"}],"wp:featuredmedia":[{"embeddable":true,"href":"https:\/\/lojaespacos.com\/en\/wp-json\/wp\/v2\/media\/20767"}],"wp:attachment":[{"href":"https:\/\/lojaespacos.com\/en\/wp-json\/wp\/v2\/media?parent=2692"}],"wp:term":[{"taxonomy":"product_brand","embeddable":true,"href":"https:\/\/lojaespacos.com\/en\/wp-json\/wp\/v2\/product_brand?post=2692"},{"taxonomy":"product_cat","embeddable":true,"href":"https:\/\/lojaespacos.com\/en\/wp-json\/wp\/v2\/product_cat?post=2692"},{"taxonomy":"product_tag","embeddable":true,"href":"https:\/\/lojaespacos.com\/en\/wp-json\/wp\/v2\/product_tag?post=2692"},{"taxonomy":"hf_cat_product","embeddable":true,"href":"https:\/\/lojaespacos.com\/en\/wp-json\/wp\/v2\/hf_cat_product?post=2692"}],"curies":[{"name":"wp","href":"https:\/\/api.w.org\/{rel}","templated":true}]}}