{"id":17665,"date":"2022-06-21T11:52:50","date_gmt":"2022-06-21T11:52:50","guid":{"rendered":"https:\/\/lojaespacos.com\/?post_type=product&#038;p=17665"},"modified":"2025-03-28T15:29:13","modified_gmt":"2025-03-28T15:29:13","slug":"floral-grandiflora-florais-de-saint-germain-10ml-sadismo-bullying","status":"publish","type":"product","link":"https:\/\/lojaespacos.com\/en\/loja\/florais\/florais-de-saint-germain\/floral-grandiflora-florais-de-saint-germain-10ml-sadismo-bullying\/","title":{"rendered":"Floral Grandiflora | Florais de Saint Germain | 10mL | sadismo | bullying"},"content":{"rendered":"<h2 style=\"text-align: center;\"><strong>Floral Grandiflora - Cura Profunda para Padr\u00f5es de Viol\u00eancia e Submiss\u00e3o<\/strong><\/h2>\n<p style=\"text-align: justify;\">Os\u00a0<a href=\"https:\/\/lojaespacos.com\/en\/product-category\/florais\/florais-de-saint-germain\/\"><strong>Florais de Saint Germain<\/strong><\/a>, criados por Neide Margonari, pretendem\u00a0<strong>restabelecer e transmutar\u00a0padr\u00f5es doentios<\/strong>, provocados por\u00a0viv\u00eancias traum\u00e1ticas, principalmente quando a causa do dist\u00farbio \u00e9\u00a0emocional.<\/p>\n<p style=\"text-align: justify;\"><strong>Floral Grandiflora<\/strong> | Indicado para os <strong>s\u00e1dicos<\/strong>, que sentem prazer em submeter o outro a requintes extremos de<strong> tortura f\u00edsica, mental e emocional<\/strong>. Para as <strong>personalidades extremamente perversas e ego\u00edstas<\/strong>. Para quem pratica <strong>Bullying<\/strong>. Esta ess\u00eancia floral, como todas as outras, trabalha tamb\u00e9m as personalidades presas na polaridade energ\u00e9tica oposta, aos que s\u00e3o obrigados a submeter-se aos torturadores ou ao Bullying, \u00e0s<strong> v\u00edtimas <\/strong>que vivem o profundo sentimento do <strong>medo, da impot\u00eancia, da humilha\u00e7\u00e3o<\/strong> moral, e do horror, pela frieza e pelo extremo requinte da maldade a que s\u00e3o submetidas. Ess\u00eancia floral muito \u00fatil tamb\u00e9m para casais que est\u00e3o a viver o padr\u00e3o <strong>sadomasoquista<\/strong>, e para <strong>crian\u00e7as que s\u00e3o espancadas e humilhadas<\/strong>, para <strong>crian\u00e7as que batem em animais e\/ou em outras crian\u00e7as<\/strong>.<\/p>\n<p>&nbsp;<\/p>","protected":false},"excerpt":{"rendered":"<p>Indicado para <b>os s\u00e1dicos<\/b> e para as <b>v\u00edtimas <\/b>de<b> humilha\u00e7\u00e3o, tortura e Bullying. <\/b>Para<b> crian\u00e7as que s\u00e3o espancadas <\/b>e\/ou<b> crian\u00e7as<\/b> que <b>batem <\/b>em<b> animais<\/b> ou em outras<b> crian\u00e7as.<\/b><\/p>","protected":false},"featured_media":17667,"comment_status":"open","ping_status":"closed","template":"","meta":{"_seopress_titles_title":"%%sitetitle%% | %%post_title%% - Cura Profunda para Padr\u00f5es de Viol\u00eancia e Submiss\u00e3o","_seopress_titles_desc":"O Floral Grandiflora auxilia na transmuta\u00e7\u00e3o de padr\u00f5es de crueldade, sadismo e bullying, trabalhando tamb\u00e9m a liberta\u00e7\u00e3o do medo e da impot\u00eancia em v\u00edtimas de abuso. Ess\u00eancia floral para equil\u00edbrio emocional e consci\u00eancia espiritual.","_seopress_robots_index":"","_seopress_robots_follow":"","_seopress_robots_imageindex":"","_seopress_robots_snippet":"","_seopress_robots_primary_cat":"none","_seopress_robots_breadcrumbs":"","_seopress_robots_freeze_modified_date":"","_seopress_robots_custom_modified_date":"","_seopress_robots_canonical":"","_seopress_social_fb_title":"","_seopress_social_fb_desc":"","_seopress_social_fb_img":"","_seopress_social_fb_img_attachment_id":0,"_seopress_social_fb_img_width":0,"_seopress_social_fb_img_height":0,"_seopress_social_twitter_title":"","_seopress_social_twitter_desc":"","_seopress_social_twitter_img":"","_seopress_social_twitter_img_attachment_id":0,"_seopress_social_twitter_img_width":0,"_seopress_social_twitter_img_height":0,"_seopress_redirections_value":"","_seopress_redirections_enabled":"","_seopress_redirections_enabled_regex":"","_seopress_redirections_logged_status":"both","_seopress_redirections_param":"","_seopress_redirections_type":301,"_seopress_analysis_target_kw":"Florais,ess\u00eancia floral,ess\u00eancias florais,ess\u00eancias vibracionais,sadismo,crian\u00e7as v\u00edtimas de espancamento,bullying,crian\u00e7as humilhadas,crian\u00e7as v\u00edtimas de bullying,crian\u00e7as que batem em crian\u00e7as,crian\u00e7as que batem em animais,v\u00edtimas,humilha\u00e7\u00e3o,tortura,personalidades perversas,rem\u00e9dio natural,rem\u00e9dio,floral grandiflora,cura emocional,liberta\u00e7\u00e3o de traumas,equil\u00edbrio espiritual,transforma\u00e7\u00e3o interior,floral para transmuta\u00e7\u00e3o de padr\u00f5es de viol\u00eancia,floral para liberta\u00e7\u00e3o do medo e humilha\u00e7\u00e3o,floral para v\u00edtimas de abuso e bullying,floral para cura de padr\u00f5es sadomasoquistas,floral para prote\u00e7\u00e3o energ\u00e9tica e emocional"},"product_brand":[],"product_cat":[1054,1151,1152],"product_tag":[],"hf_cat_product":[],"class_list":["post-17665","product","type-product","status-publish","has-post-thumbnail","product_cat-florais","product_cat-florais-de-saint-germain","product_cat-florais-de-saint-germain-marca","first","instock","sale","shipping-taxable","purchasable","product-type-simple"],"_links":{"self":[{"href":"https:\/\/lojaespacos.com\/en\/wp-json\/wp\/v2\/product\/17665","targetHints":{"allow":["GET"]}}],"collection":[{"href":"https:\/\/lojaespacos.com\/en\/wp-json\/wp\/v2\/product"}],"about":[{"href":"https:\/\/lojaespacos.com\/en\/wp-json\/wp\/v2\/types\/product"}],"replies":[{"embeddable":true,"href":"https:\/\/lojaespacos.com\/en\/wp-json\/wp\/v2\/comments?post=17665"}],"wp:featuredmedia":[{"embeddable":true,"href":"https:\/\/lojaespacos.com\/en\/wp-json\/wp\/v2\/media\/17667"}],"wp:attachment":[{"href":"https:\/\/lojaespacos.com\/en\/wp-json\/wp\/v2\/media?parent=17665"}],"wp:term":[{"taxonomy":"product_brand","embeddable":true,"href":"https:\/\/lojaespacos.com\/en\/wp-json\/wp\/v2\/product_brand?post=17665"},{"taxonomy":"product_cat","embeddable":true,"href":"https:\/\/lojaespacos.com\/en\/wp-json\/wp\/v2\/product_cat?post=17665"},{"taxonomy":"product_tag","embeddable":true,"href":"https:\/\/lojaespacos.com\/en\/wp-json\/wp\/v2\/product_tag?post=17665"},{"taxonomy":"hf_cat_product","embeddable":true,"href":"https:\/\/lojaespacos.com\/en\/wp-json\/wp\/v2\/hf_cat_product?post=17665"}],"curies":[{"name":"wp","href":"https:\/\/api.w.org\/{rel}","templated":true}]}}